{"id":808,"date":"2021-01-21T15:05:59","date_gmt":"2021-01-21T14:05:59","guid":{"rendered":"https:\/\/bps.money\/data-privacy\/"},"modified":"2023-10-18T11:33:42","modified_gmt":"2023-10-18T09:33:42","slug":"data-privacy","status":"publish","type":"page","link":"https:\/\/bps.money\/tr\/data-privacy\/","title":{"rendered":"Data privacy"},"content":{"rendered":"<h1>DATA PR\u0130VACY POL\u0130CY<\/h1>\n<p>Ki\u015fisel veriler (a\u015fa\u011f\u0131da genellikle sadace \u201cdata\u201d olarak ge\u00e7mektedir) taraf\u0131m\u0131zdan sadece gerekti\u011fi kadar i\u015flenip, i\u00e7erik ve sunulan hizmetler ile daha kullan\u0131c\u0131 dostu bir aray\u00fcz olu\u015fturmada kullan\u0131lacakt\u0131r.<\/p>\n<p>AB Genel Veri Koruma D\u00fczenlemesi\u2019nin, 4 maddesinin 1. f\u0131kras\u0131na g\u00f6re (2016\/679) \u2013 buradan sonra General Data Protection Regulation \u201cGDPR\u201d olarak k\u0131salt\u0131lacakt\u0131r- \u201cveri i\u015flenmesi\u201d her t\u00fcrl\u00fc ar\u015fivleme, kopyalama, d\u00fczenleme, kaydetme, uyarlama, de\u011fi\u015ftirme, geri alma, dan\u0131\u015fma, kullanma, iletim yoluyla yay\u0131nlama, a\u00e7\u0131klama veya ba\u015fka t\u00fcrl\u00fc eri\u015fime a\u00e7ma, s\u0131ralama veya kombinasyon, s\u0131n\u0131rland\u0131rma, silme veya ki\u015fisel bilginin otomatik veya manuel olarak yok edilmesidir.<\/p>\n<p>A\u015fa\u011f\u0131daki gizlilik s\u00f6zle\u015fmesi sizi \u00f6zellikle veri i\u015flenmesinin tipi, boyutu, amac\u0131, s\u00fcresi ve hukuki dayana\u011f\u0131 hakk\u0131nda kendi kontorl\u00fcm\u00fcz alt\u0131nda yahut ba\u015fkalar\u0131 arac\u0131l\u0131\u011f\u0131yla olsun olmas\u0131n bilgilendirmeyi hedeflemektedir. Sizi a\u015fa\u011f\u0131da ayr\u0131ca web sitemizi geli\u015ftirirken kullanm\u0131\u015f oldu\u011fumuz \u00fc\u00e7\u00fcnc\u00fc parti bile\u015fenleri hakk\u0131nda ve bu bile\u015fenlerin yine bu \u00fc\u00e7\u00fcnc\u00fc partiler taraf\u0131ndan kullan\u0131m\u0131yla sonu\u00e7lanabilecek durumlar hakk\u0131nda bilgilendirmek istiyoruz.<\/p>\n<p>Gizlilik s\u00f6zle\u015fmemiz a\u015fa\u011f\u0131daki gibi d\u00fczenlenmi\u015ftir:<\/p>\n<p>I. Verilerinizin denetleyicileri olarak bizim hakk\u0131m\u0131zda bilgiler<br \/>\nII. Kullan\u0131c\u0131 haklar\u0131 ve s\u00f6z konusu olan veriler<br \/>\nIII. Veri i\u015fleme ile ilgili bilgiler<\/p>\n<h3>Verilerinizin denetleyicileri olarak bizim hakk\u0131m\u0131zda bilgiler<\/h3>\n<p>Bu web sitesinden (\u201cdenetleyici\u201d) veri koruma yasas\u0131 kapsam\u0131nda sorumlu olan taraf:<\/p>\n<p><b>Honey Badger AG<\/b><br \/>\nWirtschaftspark 25<br \/>\n9492 Eschen<br \/>\nLiechtenstein<\/p>\n<p>Mail:\u00a0<a href=\"&#109;&#x61;i&#x6c;&#x74;&#111;&#x3a;o&#x66;&#x66;&#105;&#x63;e&#x40;&#x62;&#112;&#x73;&#46;&#x6d;&#x6f;&#110;&#x65;y\">&#111;&#102;&#x66;i&#99;&#x65;&#x40;b&#112;&#x73;&#x2e;m&#111;&#x6e;e&#121;<\/a><\/p>\n<h3>II.Kullan\u0131c\u0131 haklar\u0131 ve veri konular\u0131<\/h3>\n<p>Metnin devam\u0131nda daha ayr\u0131nt\u0131l\u0131 bir \u015fekilde a\u00e7\u0131klanacak olan veri i\u015fleme hususunda kullan\u0131c\u0131lar,<\/p>\n<ul type=\"disc\">\n<li>verilerinin i\u015flenip i\u015flenmedi\u011fi hakk\u0131nda bilgi alma ve \u015fahsi verilerinin ve kopyalar\u0131n\u0131n ak\u0131betini sorgulatma (GDPR\u2019in 15. Maddesi);<\/li>\n<li>eksik veya yanl\u0131\u015f verilerin d\u00fczeltilmesi, (cf. GDPR\u2019nin 16. maddesi);<\/li>\n<li>veya derhal silinmesi (cf. DSGVO\u2019nun 17. Maddesi), alternatif olarak e\u011fer ek veri i\u015flemesi cf. GDPR\u2019nin 17. Paragraf\u0131n\u0131n \u00f6ng\u00f6rd\u00fc\u011f\u00fc \u00fczere gerekli ise cf. GDPR\u2019nin 18 Maddesine g\u00f6re bunlar\u0131n s\u0131n\u0131rlarland\u0131rmas\u0131n\u0131 talep etme<\/li>\n<li>ve \u015fahsi verilerin kopyalar\u0131n\u0131 do\u011frudan veya dolayl\u0131 olarak talep etme (GDPR\u201dnin 20. maddesi);<\/li>\n<li>ve gerekli makama \u015fahsi verilerin korunamamas\u0131 yahut gizlili\u011fin ihlal edilmesi hususunda dilek\u00e7e verme haklar\u0131na sahiptir (bknz. GDPR nin 77. Maddesi).<\/li>\n<\/ul>\n<p>Buna ek olarak verilerde d\u00fczeltme, silme ve k\u0131s\u0131tlama yapan y\u00f6netici bu verilerin muhattab\u0131 olan al\u0131c\u0131lar\u0131 da bu yap\u0131lan i\u015flemler hakk\u0131nda GDPR\u2019nin 16. maddesinin 17. f\u0131kras\u0131n\u0131n \u00f6ng\u00f6rd\u00fc\u011f\u00fc \u00fczere bilgilendirmekle m\u00fckelleftir. Ancak bu y\u00fck\u00fcml\u00fcl\u00fck, bilgilendirmenin imkans\u0131z oldu\u011fu veya a\u015f\u0131r\u0131 zahmetli oldu\u011fu durumlarda ge\u00e7ersizdir. Buna ra\u011fmen kullan\u0131c\u0131lar bu al\u0131c\u0131lar hakk\u0131nda bilgi edinme hakk\u0131na sahiptir.<\/p>\n<p><strong>Ayn\u0131 \u015fekilde GDPR\u2019 21. maddesi kapsam\u0131nda kullan\u0131c\u0131lar, verilerinin gelecekteki i\u015flenmesine kar\u015f\u0131 itiraz etme hakk\u0131na sahiptir (GDPR\u2019 nin 6. maddesinin 1. f\u0131kras\u0131). \u00d6zellikle reklam amac\u0131yla ger\u00e7ekle\u015ftirilmi\u015f veri i\u015flenmesine itiraz edilebilir.<\/strong><\/p>\n<h3>III. Veri i\u015flenmesi hakk\u0131nda bilgilendirme<\/h3>\n<p>Web sitemizi kullan\u0131rken i\u015flenen verileriniz, herhangi bir yasal saklama y\u00fck\u00fcml\u00fcl\u00fc\u011f\u00fcne ayk\u0131r\u0131 olmad\u0131k\u00e7a veya a\u015fa\u011f\u0131da aksi belirtilmedik\u00e7e, saklanma amac\u0131 sona erer ermez silinecek veya bloke edilecektir.<\/p>\n<h4>Server verileri<\/h4>\n<p>Teknik nedenlerle internet taray\u0131c\u0131n\u0131z taraf\u0131ndan bize veya serverimize g\u00f6nderilen a\u015fa\u011f\u0131daki veriler, \u00f6zellikle g\u00fcvenli ve istikrarl\u0131 bir web sitesi sa\u011flamak i\u00e7in saklanacakt\u0131r: Bu server g\u00fcnl\u00fck dosyalar\u0131, taray\u0131c\u0131n\u0131z\u0131n, i\u015fletim sisteminizin ve web sitenizin t\u00fcr\u00fcn\u00fc ve s\u00fcr\u00fcm\u00fcn\u00fc kaydeder. Nereden geldi\u011finiz (y\u00f6nlendiren URL), sitemizdeki ziyaret etti\u011finiz web sayfalar\u0131, ziyaretinizin tarihi ve saati ve sitemizi ziyaret etti\u011finiz IP adresi bunlara dahildir.<\/p>\n<p>Bu \u015fekilde toplanan veriler ge\u00e7ici olarak saklanacak, ancak di\u011fer verilerinizle ili\u015fkili olmayacakt\u0131r.<\/p>\n<p>Bu veri depolamas\u0131n\u0131n hukuki temeli GDPR\u2019nin 6. maddesinin 1. paragraf\u0131n\u0131n f b\u00f6l\u00fcm\u00fcd\u00fcr. Bizim me\u015fru menfaatimiz, web sitemizin iyile\u015ftirilmesi, istikrar\u0131. i\u015flevselli\u011fi ve g\u00fcvenli\u011fidir.<\/p>\n<p>Kan\u0131t muahafazas\u0131 i\u00e7in s\u00fcrekli depolama gerekmedik\u00e7e veriler en fazla yedi g\u00fcn i\u00e7inde silinecektir. Bu durumda, ilgili olay\u0131n soru\u015fturmas\u0131 bitene kadar verilerin tamam\u0131 veya bir k\u0131sm\u0131 saklanacakt\u0131r.<\/p>\n<h4>Cookies<\/h4>\n<h5>a) Oturum \u00e7erezleri<\/h5>\n<p>Sitemizde \u00e7erezleri kullanmaktay\u0131z. \u00c7erezler, cihaz\u0131n\u0131zda arama motorunuz taraf\u0131ndan saklanan k\u00fc\u00e7\u00fck belgeler veya di\u011fer veri saklama teknolojileridir. Bu \u00e7erezler hakk\u0131n\u0131zda arama motorunuz, konum verileriniz ve IP adresiniz gibi baz\u0131 bilgileri i\u015flemektedir.<\/p>\n<p>Bu i\u015fleme, sitemizi daha kullan\u0131\u015fl\u0131, verimli ve g\u00fcvenli bir hale getirerek bize, \u00f6rnek olarak, sitemizi farkl\u0131 dillerde sunma ve ayr\u0131ca al\u0131\u015fveri\u015f sepeti fonksiyonu ekleme imkan\u0131 sa\u011flar<\/p>\n<p>Veri i\u015flemenin hukuki dayana\u011f\u0131 ise GDPR nin 6.Maddesinin 1.paragraf\u0131na g\u00f6re bu \u00e7erezlerin veri toplama ve s\u00f6zle\u015fme ama\u00e7l\u0131 finansal ili\u015fkilerin kurulmas\u0131n\u0131 \u00f6ng\u00f6r\u00fcr.<\/p>\n<p>E\u011fer bu veri i\u015flemesi herhangi bir s\u00f6zle\u015fmenin ba\u011flanmas\u0131na veya d\u00fczenlenmesine hizmet etmiyorsa, sitemizin fonksiyonlar\u0131n\u0131n iyile\u015ftirilmesinde kullan\u0131lacakt\u0131r. Bunun hukuki dayana\u011f\u0131 ise yine GDPR nin 6.Maddesinin 1.paragraf\u0131d\u0131r.<\/p>\n<p>Taray\u0131c\u0131n\u0131z\u0131 kapatt\u0131\u011f\u0131n\u0131z anda ge\u00e7mi\u015f oturumun \u00e7erezleri silinir.<\/p>\n<h5>b) \u00dc\u00e7\u00fcnc\u00fc parti \u00e7erezleri<\/h5>\n<p>E\u011fer gerekliyse websitemiz birlikte \u00e7al\u0131\u015ft\u0131\u011f\u0131m\u0131z ba\u015fka \u015firketlerin arac\u0131l\u0131\u011f\u0131yla reklam, analiz ve hizmet geli\u015ftirmek i\u00e7in \u00e7erez kullanabilir.<\/p>\n<p>L\u00fctfen detayl\u0131 bilgi almak i\u00e7in ve \u00f6zellikle hukuki dayanak, \u00fc\u00e7\u00fcnc\u00fc parti \u00e7erez kullan\u0131m\u0131 ve veri i\u015flemesi hakk\u0131nda a\u015fa\u011f\u0131daki yaz\u0131ya bak\u0131n\u0131z.<\/p>\n<h5>c) \u00c7erezleri devred\u0131\u015f\u0131 b\u0131rakma<\/h5>\n<p>Taray\u0131c\u0131n\u0131z\u0131n ayarlar\u0131n\u0131 de\u011fi\u015ftirerek \u00e7erez kullan\u0131m\u0131n\u0131 iptal edebilirsiniz. Ayn\u0131 \u015fekilde taray\u0131c\u0131n\u0131z\u0131 kullanarak kaydedilmi\u015f \u00e7erezleri de taray\u0131c\u0131n\u0131zdan silebilirsiniz. Ancak kulland\u0131\u011f\u0131n\u0131z taray\u0131c\u0131ya ba\u011fl\u0131 olarak bu ayarlarda farkl\u0131l\u0131klar olabilir. E\u011fer sorular\u0131n\u0131z varsa l\u00fctfen taray\u0131c\u0131n\u0131z\u0131n yard\u0131m ve destek fonksiyonuna ba\u015fvurunuz. Taray\u0131c\u0131 ayarlar\u0131 \u2018flash cookies\u2019 ad\u0131ndaki \u00e7erezleri engelleyemez. Bunun yerine Flash player ayarlar\u0131n\u0131z\u0131 de\u011fi\u015ftirmeniz gerekebilir ve bu ayarlar da sizin Flash playerinizin \u00f6zelliklerine ba\u011fl\u0131d\u0131r. Yine bu konuda sorular\u0131n\u0131z varsa Flash playerinizin \u00fcreticisiyle ba\u011flant\u0131ya ge\u00e7ebilirsiniz.<\/p>\n<p>E\u011fer \u00e7erez kullan\u0131m\u0131n\u0131 engellerseniz, sitemizin baz\u0131 \u00f6zelliklerine eri\u015fiminiz s\u0131n\u0131rl\u0131 olabilir.<\/p>\n<h4>ipari\u015f i\u015flemesi<\/h4>\n<p>Bizden ald\u0131\u011f\u0131n\u0131z hizmet veya sipari\u015f etti\u011finiz \u00fcr\u00fcnler i\u00e7in bize iletti\u011finiz verilerinizi, sipari\u015finizi alabilmemiz i\u00e7in i\u015flememiz gerekmektedir. Sipari\u015fleriniz bu t\u00fcr verilerin iletimi olmadan i\u015flenemez.<\/p>\n<p>Bu veri i\u015flemesinin hukuki dayana\u011f\u0131 ise GDPR\u2019nin 6. Maddesinin 1. Paragraf\u0131nda yer almaktad\u0131r.<\/p>\n<p>Sipari\u015finiz tamamland\u0131ktan sonra ki\u015fisel verileriniz silinecektir, ancak bu sadece finans ve hukukunun \u00f6ng\u00f6rd\u00fc\u011f\u00fc veri muhafaza s\u00fcresinden sonra ger\u00e7ekle\u015fir.<\/p>\n<p>Sipari\u015finizi i\u015fleme koymak ve size ula\u015fmas\u0131n\u0131 sa\u011flamak i\u00e7in gerekli ki\u015fisel verilerinizi kargo \u015firketi ve \u00f6deme hizmeti sa\u011flay\u0131c\u0131s\u0131yla payla\u015fmaktay\u0131z.<\/p>\n<h5>Bu veri transferinin hukuki dayana\u011f\u0131 da GDPR\u2019nin 6. Maddesinin 1. Paragraf\u0131d\u0131r.<\/h5>\n<h4>B\u00fclten<\/h4>\n<p>\u00dccretsiz b\u00fcltenimize abone oldu\u011funuz zaman sizden talep edilen bilgilerininiz, \u00f6rnek olarak eposta adresiniz ve iste\u011fe ba\u011fl\u0131 olarak isminiz ve adresiniz bize iletilir. Bilgisayar\u0131n\u0131z\u0131n IP adresini, kay\u0131t oldu\u011funuz tarihi ve zaman\u0131 kay\u0131t alt\u0131na almaktay\u0131z. Kay\u0131t olurken, b\u00fcltenimize abonelik ve sa\u011flanan i\u00e7erikle ilgili onay\u0131n\u0131z\u0131 al\u0131p bu gizlilik s\u00f6zle\u015fmesi kapsam\u0131nda i\u015fleme almaktay\u0131z. Elde edilen veriler sadece b\u00fcltenin g\u00f6nderilmesi i\u00e7in kullan\u0131l\u0131p \u00fc\u00e7\u00fcnc\u00fc \u015fah\u0131slara g\u00f6nderilmeyecektir.<\/p>\n<p>Bunun hukuki dayana\u011f\u0131 a)GDPR\u2019nin 6 Maddesinin 1. Paragraf\u0131d\u0131r.<\/p>\n<p>GDPR\u2019nin 7 Maddesinin \u00fc\u00e7\u00fcnc\u00fc paragraf\u0131na g\u00f6re \u00f6nceden b\u00fcltene \u00fcyelik i\u00e7in vermi\u015f oldu\u011funuz onay\u0131 gelece\u011fe d\u00f6n\u00fck olarak geri \u00e7ekebilirsiniz. Tek yapman\u0131z gereken \u015fey bizi bu konuda bilgilendirmek ya da b\u00fcltenin i\u00e7erisindeki \u00fcyeli\u011fi sonland\u0131rma linkine t\u0131klamakt\u0131r.<\/p>\n<h4>Ba\u011flant\u0131<\/h4>\n<p>Bizimle e posta veya ileti\u015fim formu yoluyla ileti\u015fime ge\u00e7ti\u011finiz zaman bize iletmi\u015f oldu\u011funuz verileriniz, sizin talebinizi i\u015flemek i\u00e7in kullan\u0131lacakt\u0131r. Sizin ileti\u015fim talebinizi i\u015flemek i\u00e7in bu verilere ihtiya\u00e7 duymaktay\u0131z. Aksi taktirde sizin talebinize eksik cevap verme veya hi\u00e7 cevap verememe durumunda kalmaktay\u0131z.<br \/>\nBu t\u00fcr veri i\u015flemesinin hukuki dayana\u011f\u0131 ise b)GDPR\u2019nin 6.Maddesinin 1. Pararaf\u0131d\u0131r.<\/p>\n<p>Talebinize d\u00f6n\u00fc\u015f yapt\u0131\u011f\u0131m\u0131z zaman ve verilerinizi muhafaza etmenin herhangi bir hukuki zorunlulu\u011fu olmad\u0131\u011f\u0131 taktirde, \u00f6rne\u011fin s\u00f6zle\u015fme veya sipari\u015f gibi durumlar d\u0131\u015f\u0131nda verileriniz silinecektir.<\/p>\n<h4>Twitter<\/h4>\n<p>Biz Twitter\u2019da \u015firketimizi ve hizmetlerimizi tan\u0131tmak ve m\u00fc\u015fterilerimizle ileti\u015fime ge\u00e7mek i\u00e7in \u00e7evrimi\u00e7iyiz. Twitter, Twitter INC., 1355 Market Street, Suite 900, San Francisco, CA 94103 ABD taraf\u0131ndan sa\u011flanan bir hizmettir.<\/p>\n<p>Belirtmek isteriz ki bu veri i\u015flemesi Avrupa Birli\u011fi d\u0131\u015f\u0131nda, bilhassa Amerika Birle\u015fik Devletleri\u2019nde olmak \u00fczere ba\u015fka bir \u00fclkede ger\u00e7ekle\u015febilir. Bu da kullan\u0131c\u0131lar i\u00e7in daha sonraki veri eri\u015fimini zorla\u015ft\u0131rabilir. Bu \u00e7e\u015fit bir kullan\u0131c\u0131 verisine bizim bir eri\u015fimimiz yoktur. Eri\u015fim sadece Twitter \u00fczerinden ger\u00e7ekle\u015fmektedir. Twitter Inc. Privacy Shield taraf\u0131ndan sertifikal\u0131d\u0131r ve Avrupa Birli\u011fi standartlar\u0131na uyum sa\u011flamay\u0131 taah\u00fct etmektedir.<\/p>\n<p><a href=\"https:\/\/www.privacyshield.gov\/participant?id=a2zt0000000TORzAAO&amp;status=Active\" target=\"_blank\" rel=\"noopener noreferrer\">https:\/\/www.privacyshield.gov\/participant?id=a2zt0000000TORzAAO&amp;status=Active<\/a><\/p>\n<p>Twitter\u2019\u0131n gizlilik s\u00f6zle\u015fmesine \u015furadan eri\u015filebilir.<\/p>\n<p><a href=\"https:\/\/twitter.com\/de\/privacy\" target=\"_blank\" rel=\"noopener noreferrer\">https:\/\/twitter.com\/privacy<\/a><\/p>\n<h4>Facebook<\/h4>\n<p>\u00dcr\u00fcnlerimizi ve hizmetlerimizi tan\u0131tmak i\u00e7in ve ilgilenen m\u00fc\u015fterilerimizle veya taraflarla ileti\u015fime ge\u00e7mek i\u00e7in Facebook platformunda da bulunmaktay\u0131z.<\/p>\n<p>Bu sosyal medya platformunda ise Facebook \u0130rlanda Ltd., 4 Grand Canal Square, Grand Canal Harbor, Dublin 2, \u0130rlanda ile ortak sorumluluk almaktay\u0131z<\/p>\n<p>Facebook\u2019un veri koruma sorumlusuna bu ileti\u015fim formu ile ula\u015f\u0131labilir:<\/p>\n<p><a href=\"https:\/\/www.facebook.com\/help\/contact\/540977946302970\" target=\"_blank\" rel=\"noopener noreferrer\">https:\/\/www.facebook.com\/help\/contact\/540977946302970<\/a><\/p>\n<p>Ortak sorumlulu\u011fumuzu, GDPR\u2019nin kapsam\u0131ndaki y\u00fck\u00fcml\u00fcl\u00fcklerimiz ile bir anla\u015fmayla tan\u0131mlam\u0131\u015f bulunmaktay\u0131z. Kar\u015f\u0131l\u0131kl\u0131 sorumluluklar\u0131m\u0131z\u0131 belirten bu anla\u015fmaya \u015fu linkten ula\u015fabilirsiniz.<\/p>\n<p><a href=\"https:\/\/www.facebook.com\/legal\/terms\/page_controller_addendum\" target=\"_blank\" rel=\"noopener noreferrer\">https:\/\/www.facebook.com\/legal\/terms\/page_controller_addendum<\/a><\/p>\n<p>Bunun sonucu ve devam\u0131 olan \u015fahsi verilerin i\u015flenmesinin hukuki dayana\u011f\u0131 f GDPR\u2019nin 6. Maddesinin 1. Paragraf\u0131d\u0131r. Bizim me\u015fru menfaatimiz ise analiz, ileti\u015fim, sat\u0131\u015f, \u00fcr\u00fcn ve hizmetlerimizin tan\u0131t\u0131lmas\u0131d\u0131r.<\/p>\n<p>Bunun hukuki dayana\u011f\u0131 a) GDPR\u2019nin 6.Maddesinin 1.paragraf\u0131na g\u00f6re sizin platformun operat\u00f6r\u00fcne vermi\u015f oldu\u011funuz izin de olabilir. GDPR\u2019nin 7. Maddesinin 3. Paragraf\u0131na g\u00f6re bu izni her zaman gelece\u011fe d\u00f6n\u00fck olarak platformun operat\u00f6r\u00fcnden geri \u00e7ekebilirsiniz.<\/p>\n<p>E\u011fer Facebooktaki sosyal medya hesab\u0131m\u0131za eri\u015fmek istiyorsan\u0131z Facebook \u0130rlanda Ltd. Avrupa Birli\u011findeki platform y\u00f6neticisi olarak sizin IP adresiniz ve \u015fahsi verilerinizi i\u015fleyecektir.<\/p>\n<p>Bu kullan\u0131c\u0131 verileri, \u015firketimizin Facebooktaki sosyal medya hesab\u0131n\u0131n kullan\u0131m\u0131 hakk\u0131nda istatistiksel bilgi toplamak amac\u0131yla kullan\u0131l\u0131r. Facebook \u0130rlanda Ltd. bu verileri pazar ara\u015ft\u0131rmas\u0131, reklam ve ayr\u0131ca kullan\u0131c\u0131 profili yaratma amac\u0131yla kullan\u0131l\u0131r. Bu profiller \u00fczerinden Facebook \u0130rlanda Ltd., Facebook dahilinde veya haricinde ilgilerinizle dayal\u0131 reklam yapabilir. Sayfam\u0131za eri\u015fim esnas\u0131nda Facebooka giri\u015f yapt\u0131ysan\u0131z Facebook \u0130rlanda Ltd. bu veriyi de kullan\u0131c\u0131 hesab\u0131n\u0131za ba\u011flayacakt\u0131r.<\/p>\n<p>Facebook \u00fczerinden bizimle ba\u011flant\u0131 kurarsan\u0131z o an sa\u011flam\u0131\u015f oldu\u011funuz ki\u015fisel veriler ba\u011flant\u0131 kurma talebinizi i\u015flemek i\u00e7in kullan\u0131l\u0131r. Bu verileri de talebinize cevap verdikten sonra e\u011fer veri muhafazas\u0131n\u0131n s\u00f6zle\u015fme takibi gibi hukuki bir gereklili\u011fi yoksa silmekteyiz.<\/p>\n<p>Facebook \u0130rlanda Ltd. sizin verilerinizi i\u015flerken \u00e7erez kullanabilir.<\/p>\n<p>E\u011fer bu t\u00fcr bir veri i\u015flemesine itiraz ediyorsan\u0131z taray\u0131c\u0131n\u0131z\u0131n ayarlar\u0131 ile \u00e7erezlerin indirilmesini engelleyebilirsiniz. Halihaz\u0131rda kaydedilmi\u015f \u00e7erezler her zaman silinebilir. Bunu yapman\u0131n yollar\u0131 ise taray\u0131c\u0131ya ve kullan\u0131lan sisteme ba\u011fl\u0131d\u0131r. Flash \u00e7erezler i\u00e7in taray\u0131c\u0131 ayarlar\u0131 yeterli de\u011fildir, bunun yerine Flash Playerinizin ayarlar\u0131n\u0131 de\u011fi\u015ftirebilirsiniz. E\u011fer \u00e7erezlerin indirilmesini engellemek veya s\u0131n\u0131rland\u0131rmak isterseniz Facebook\u2019un baz\u0131 fonksiyonlar\u0131 \u00e7al\u0131\u015fmayabilir.<\/p>\n<p>Veri i\u015fleme, bunun engellenmesi ve Facebook taraf\u0131ndan i\u015flenen verilerin silinmesi hakk\u0131nda bilgiler \u015fu gizlilik s\u00f6zle\u015fmesinde bulunabilir:<\/p>\n<p><a href=\"https:\/\/www.facebook.com\/privacy\/explanation\" target=\"_blank\" rel=\"noopener noreferrer\">https:\/\/www.facebook.com\/privacy\/explanation<\/a><\/p>\n<p>Bununla beraber Facebook \u0130rlanda Ltd. taraf\u0131ndan yap\u0131lan veri i\u015flemesinin Amerika Birle\u015fik Devletleri\u2019nde Facebook Inc. 1601 Willow Road, Menlo Park, Kaliforniya 94025 taraf\u0131ndan da yap\u0131laca\u011f\u0131 s\u00f6z konusudur.<\/p>\n<p>Facebook Inc., AB-ABD Privacy Shield\u2019e (Gizlilik Kalkan\u0131\u2019na) tabidir ve ABD i\u00e7indeki veri i\u015flemesi AB veri koruma gereksinimlerine uyum sa\u011flar.<\/p>\n<p><a href=\"https:\/\/www.privacyshield.gov\/participant?id=a2zt0000000GnywAAC&amp;status=Active\" target=\"_blank\" rel=\"noopener noreferrer\">https:\/\/www.privacyshield.gov\/participant?id=a2zt0000000GnywAAC&amp;status=Active<\/a><\/p>\n<h4>Instagram<\/h4>\n<p>\u00dcr\u00fcn ve hizmetlerimizin reklam\u0131n\u0131 yapmak ve ilgilenen taraf veya m\u00fc\u015fterilerimizle ileti\u015fime ge\u00e7mek i\u00e7in Instagram\u2019da da sosyal medya hesab\u0131m\u0131z bulunmaktad\u0131r.<\/p>\n<p>Bu sosyal medya platformunda ise Facebook \u0130rlanda Ltd., Grand Canal Square, Grand Canal Harbour, Dublin 2 \u0130rlanda ile m\u00fc\u015fterek sorumluluk almaktay\u0131z.<\/p>\n<p>Instagram\u2019\u0131n veri koruma sorumlusuna ise bu ileti\u015fim formuyla ula\u015f\u0131labilir.<\/p>\n<p><a href=\"https:\/\/www.facebook.com\/help\/contact\/540977946302970\" target=\"_blank\" rel=\"noopener noreferrer\">https:\/\/www.facebook.com\/help\/contact\/540977946302970<\/a><\/p>\n<p>M\u00fc\u015fterek sorumlulu\u011fumuzu ise GDPR\u2019nin getirdi\u011fi y\u00fck\u00fcml\u00fcl\u00fcklerimiz hususunda bir anla\u015fma ile belirtmi\u015f bulunmaktay\u0131z. Kar\u015f\u0131l\u0131kl\u0131 y\u00fck\u00fcml\u00fcl\u00fcklerimizi belirtti\u011fimiz anla\u015fma bu linkte bulunabilir:<\/p>\n<p><a href=\"https:\/\/www.facebook.com\/legal\/terms\/page_controller_addendum\" target=\"_blank\" rel=\"noopener noreferrer\">https:\/\/www.facebook.com\/legal\/terms\/page_controller_addendum<\/a><\/p>\n<p>Bunun sonucu ve devam\u0131 olan \u015fahsi verilerin i\u015flenmesinin hukuki dayana\u011f\u0131 f GDPR\u2019nin 6. Maddesinin 1. Paragraf\u0131d\u0131r. Bizim me\u015fru menfaatimiz ise analiz, ileti\u015fim, sat\u0131\u015f, \u00fcr\u00fcn ve hizmetlerimizin tan\u0131t\u0131lmas\u0131d\u0131r.<\/p>\n<p>Bunun hukuki dayana\u011f\u0131 a) GDPR\u2019nin 6.Maddesinin 1.paragraf\u0131na g\u00f6re sizin platformun operat\u00f6r\u00fcne vermi\u015f oldu\u011funuz izin de olabilir. GDPR\u2019nin 7. Maddesinin 3. Paragraf\u0131na g\u00f6re bu izni her zaman gelece\u011fe d\u00f6n\u00fck olarak platformun operat\u00f6r\u00fcnden geri \u00e7ekebilirsiniz.<\/p>\n<p>E\u011fer Facebooktaki sosyal medya hesab\u0131m\u0131za eri\u015fmek istiyorsan\u0131z Facebook \u0130rlanda Ltd. Avrupa Birli\u011findeki platform y\u00f6neticisi olarak sizin IP adresiniz ve \u015fahsi verilerinizi i\u015fleyecektir.<\/p>\n<p>Bu kullan\u0131c\u0131 verileri, \u015firketimizin Facebooktaki sosyal medya hesab\u0131n\u0131n kullan\u0131m\u0131 hakk\u0131nda istatistiksel bilgi toplamak amac\u0131yla kullan\u0131l\u0131r. Facebook \u0130rlanda Ltd. bu verileri pazar ara\u015ft\u0131rmas\u0131, reklam ve ayr\u0131ca kullan\u0131c\u0131 profili yaratma amac\u0131yla kullan\u0131l\u0131r. Bu profiller \u00fczerinden Facebook \u0130rlanda Ltd., Facebook dahilinde veya haricinde ilgilerinizle dayal\u0131 reklam yapabilir. Sayfam\u0131za eri\u015fim esnas\u0131nda Facebooka giri\u015f yapt\u0131ysan\u0131z Facebook \u0130rlanda Ltd. bu veriyi de kullan\u0131c\u0131 hesab\u0131n\u0131za ba\u011flayacakt\u0131r.<\/p>\n<p>Facebook \u00fczerinden bizimle ba\u011flant\u0131 kurarsan\u0131z o an sa\u011flam\u0131\u015f oldu\u011funuz ki\u015fisel veriler ba\u011flant\u0131 kurma talebinizi i\u015flemek i\u00e7in kullan\u0131l\u0131r. Bu verileri de talebinize cevap verdikten sonra e\u011fer veri muhafazas\u0131n\u0131n s\u00f6zle\u015fme takibi gibi hukuki bir gereklili\u011fi yoksa silmekteyiz.<\/p>\n<p>Facebook \u0130rlanda Ltd. sizin verilerinizi i\u015flerken \u00e7erez kullanabilir.<\/p>\n<p>E\u011fer bu t\u00fcr bir veri i\u015flemesine itiraz ediyorsan\u0131z taray\u0131c\u0131n\u0131z\u0131n ayarlar\u0131 ile \u00e7erezlerin indirilmesini engelleyebilirsiniz. Halihaz\u0131rda kaydedilmi\u015f \u00e7erezler her zaman silinebilir. Bunu yapman\u0131n yollar\u0131 ise taray\u0131c\u0131ya ve kullan\u0131lan sisteme ba\u011fl\u0131d\u0131r. Flash \u00e7erezler i\u00e7in taray\u0131c\u0131 ayarlar\u0131 yeterli de\u011fildir, bunun yerine Flash Playerinizin ayarlar\u0131n\u0131 de\u011fi\u015ftirebilirsiniz. E\u011fer \u00e7erezlerin indirilmesini engellemek veya s\u0131n\u0131rland\u0131rmak isterseniz Facebook\u2019un baz\u0131 fonksiyonlar\u0131 \u00e7al\u0131\u015fmayabilir.<\/p>\n<p>Veri i\u015fleme, bunun engellenmesi ve Instegram taraf\u0131ndan i\u015flenen verilerin silinmesi hakk\u0131nda bilgiler \u015fu gizlilik s\u00f6zle\u015fmesinde bulunabilir :<\/p>\n<p><a href=\"https:\/\/help.instagram.com\/519522125107875\" target=\"_blank\" rel=\"noopener noreferrer\">https:\/\/help.instagram.com\/519522125107875<\/a><\/p>\n<p>Facebook Inc. AB-ABD Privacy Shield\u2019a tabidir ve ABD\u2019de veri i\u015flerken AB veri koruma \u015fartlar\u0131n\u0131 yerine getirmekle y\u00fck\u00fcml\u00fcd\u00fcr.<\/p>\n<p>Facebook Inc., AB-ABD Privacy Shield\u2019e (Gizlilik Kalkan\u0131\u2019na) tabidir ve ABD i\u00e7indeki veri i\u015flemesi AB veri koruma gereksinimlerine uyum sa\u011flar.<\/p>\n<p><a href=\"https:\/\/www.privacyshield.gov\/participant?id=a2zt0000000GnywAAC&amp;status=Active\" target=\"_blank\" rel=\"noopener noreferrer\">https:\/\/www.privacyshield.gov\/participant?id=a2zt0000000GnywAAC&amp;status=Active<\/a><\/p>\n<h4>Grafikler \u00fczerinden sosyal medya ba\u011flant\u0131lar\u0131<\/h4>\n<p>Biz ayr\u0131ca a\u015fa\u011f\u0131daki sosyal medya sitelerini de websitemize entegre etmekteyiz. \u0130lgili sitenin grafikli linki \u00fczerinden entegrasyon ger\u00e7ekle\u015fmektedir. Kendi serverimizde depolanan bu grafiklerin kullan\u0131m\u0131, grafiklerin g\u00f6sterimleri i\u00e7in otomatik olarak serverlerin ba\u011flant\u0131 kurmas\u0131n\u0131 engeller. Sadece ilgili grafi\u011fe t\u0131klayarak ilgili sosyal a\u011f\u0131n hizmetlerine y\u00f6nlendirilirsiniz.<\/p>\n<p>T\u0131klad\u0131\u011f\u0131n\u0131zanda bu a\u011f, sizin \u015fahs\u0131n\u0131z ve siteye ziyaretinizle alakal\u0131 bilgi toplayabilir. Bu t\u00fcr bilgilerin ABD\u2019de de i\u015flenebilme ihtimali g\u00f6z ard\u0131 edilemez.<\/p>\n<p>\u00d6ncelikli olarak bu veriler IP adresiniz, ziyaret etti\u011finiz sayfa, ziyaretinizin tarihi ve zaman\u0131 gibi bilgileri i\u00e7ermektedir. E\u011fer bu a\u011f \u00fczerinden kullan\u0131c\u0131 hesab\u0131n\u0131z ile giri\u015f yapt\u0131ysan\u0131z a\u011f operat\u00f6r\u00fc sayfam\u0131z\u0131 ziyaretiniz hakk\u0131ndaki bilgileri \u015fahsi kullan\u0131c\u0131 hesab\u0131n\u0131za aktarabilir. E\u011fer be\u011fenme, payla\u015fma vs. yoluyla etkile\u015fime ge\u00e7erseniz bu bilgiler \u015fahsi kullan\u0131c\u0131 hesab\u0131n\u0131zda kaydedilebilir ve ilgili a\u011fda yay\u0131nlanabilir. Bunun \u00f6n\u00fcne ge\u00e7ebilmek i\u00e7in grafi\u011fe t\u0131klamadan \u00f6nce sosyal medya hesab\u0131n\u0131zdan \u00e7\u0131k\u0131\u015f yapman\u0131z gerekir. \u00c7e\u015fitli sosyal medya a\u011flar\u0131 ayr\u0131ca bununla ilgili ayarlar\u0131 i\u00e7ermektedir.<\/p>\n<p>\u015eu sosyal medya a\u011flar\u0131 sitemize grafikli linklerle entegre edilmi\u015ftir:<\/p>\n<h4>Facebook<\/h4>\n<p>Facebook \u0130rlanda Limited, 4 Grand Canal Square, Dublin 2, \u0130rlanda, Facebook Inc., 1601 S. California Ave., Palo Alto, CA 94304\u2019\u00fcn yan kurulu\u015fudur.<\/p>\n<p>Gizlilik s\u00f6zle\u015fmesi::\u00a0<a href=\"https:\/\/www.facebook.com\/policy.php\" target=\"_blank\" rel=\"noopener noreferrer\">https:\/\/www.facebook.com\/policy.php<\/a><\/p>\n<p>EU-US Privacy Shield\u00a0<a href=\"https:\/\/www.privacyshield.gov\/participant?id=a2zt0000000GnywAAC&amp;status=Active\" target=\"_blank\" rel=\"noopener noreferrer\">https:\/\/www.privacyshield.gov\/participant?id=a2zt0000000GnywAAC&amp;status=Active<\/a><\/p>\n<h4>twitter<\/h4>\n<p>Twitter Inc., 795 Folsom St., Suite 600, San Francisco, CA 94107, USA<\/p>\n<p>Gizlilik s\u00f6zle\u015fmesi:\u00a0<a href=\"https:\/\/twitter.com\/privacy\" target=\"_blank\" rel=\"noopener noreferrer\">https:\/\/twitter.com\/privacy<\/a><\/p>\n<p>EU-US Privacy Shield<\/p>\n<p><a href=\"https:\/\/www.privacyshield.gov\/participant?id=a2zt0000000TORzAAO&amp;status=Active\" target=\"_blank\" rel=\"noopener noreferrer\">https:\/\/www.privacyshield.gov\/\u20260000TORzAAO&amp;status=Active<\/a><\/p>\n<h4>Google Analytics<\/h4>\n<p>Websitemizde Google Analytics kullanmaktay\u0131z. Bu, Google \u0130rlanda Limited, Gordon House, Barrow Street, Dublin 4, \u0130rlanda (a\u015fa\u011f\u0131da: Google) taraf\u0131ndan verilen bir web analiz hizmetidir.<\/p>\n<p>AB-ABD Privacy Shield\u2019e uygun sertifikaland\u0131rmaya g\u00f6re<\/p>\n<p><a href=\"https:\/\/www.privacyshield.gov\/participant?id=a2zt000000001L5AAI&amp;status=Active\" target=\"_blank\" rel=\"noopener noreferrer\">https:\/\/www.privacyshield.gov\/participant?id=a2zt000000001L5AAI&amp;status=Active<\/a><\/p>\n<p>Google, ABD\u2019deki veri i\u015flemesi i\u00e7in AB\u2019nin veri koruma d\u00fczenlemelerine uyum sa\u011flamay\u0131 garanti eder<\/p>\n<p>Google Analytics hizmeti, websitemizin nas\u0131l kullan\u0131ld\u0131\u011f\u0131n\u0131 analiz etmek i\u00e7in kullan\u0131lmaktad\u0131r. Bunun hukuki dayana\u011f\u0131 f) GDPR\u2019nin 6. Maddesinin 1 Maddesidir. Me\u015fru menfaatimiz analiz, optimizasyon ve sitemizin ekonomik \u00e7al\u0131\u015fmas\u0131d\u0131r.<\/p>\n<p>IP adresi, konum, zaman ve sitemizi ziyaret etme s\u0131kl\u0131\u011f\u0131n\u0131z gibi kullan\u0131m ve kullan\u0131c\u0131 alakal\u0131 bilgiler ABD\u2019deki bir Google serverine iletilecek ve kaydedilecektir. Ancak biz Google Analytics\u2019in anonimizasyon \u00f6zelli\u011fi kulland\u0131\u011f\u0131m\u0131z i\u00e7in Google, IP adresini AB veya AB Ekonomik Alan\u0131na dahil bir yerde ABD\u2019ye g\u00f6ndermeden \u00f6nce par\u00e7alara ay\u0131r\u0131r.<\/p>\n<p>Bu \u015fekilde elde edilen veriler ise bize Google taraf\u0131ndan sayfam\u0131z\u0131n ziyaretleri ve ziyaret\u00e7ilerin yapt\u0131klar\u0131yla alakal\u0131 bir de\u011ferlendirme olarak geri d\u00f6ner. Bu veriler ayr\u0131ca sitemizin kullan\u0131m\u0131yla ve genel olarak internetle alakal\u0131 ba\u015fka hizmetleri sa\u011flamak i\u00e7in kullan\u0131labilir.<\/p>\n<p>Google, IP adresinizi ba\u015fka verilerle ba\u011flamayaca\u011f\u0131n\u0131 ifade ediyor. Bununla beraber Google burada veri koruma uygulamalar\u0131 hakk\u0131nda ayr\u0131nt\u0131l\u0131 bilgi vermektedir<\/p>\n<p><a href=\"https:\/\/www.google.com\/intl\/de\/policies\/privacy\/partners\" target=\"_blank\" rel=\"noopener noreferrer\">https:\/\/www.google.com\/intl\/de\/policies\/privacy\/partners,<\/a><\/p>\n<p>Ayr\u0131ca \u015fahsi verilerin kullan\u0131m\u0131n\u0131 \u00f6nlemek i\u00e7in alabilece\u011finiz \u00f6nlemler de burada bulunabilir.<\/p>\n<p>Bununla beraber Google \u015fu adreste bir opt-out (vazge\u00e7me, engelleme) uygulamas\u0131 da sunmaktad\u0131r<\/p>\n<p><a href=\"https:\/\/tools.google.com\/dlpage\/gaoptout?hl=de\" target=\"_blank\" rel=\"noopener noreferrer\">https:\/\/tools.google.com\/dlpage\/gaoptout?hl=en<\/a><\/p>\n<p>ve buna ek olarak da ayr\u0131nt\u0131l\u0131 bilgi i\u00e7ermektedir. Bu eklenti pek \u00e7ok pop\u00fcler taray\u0131c\u0131ya y\u00fcklenebilir ve size Google\u2019\u0131n sitemize giri\u015f yapt\u0131\u011f\u0131n\u0131z anda toplad\u0131\u011f\u0131 veriler \u00fczerinde daha fazla kontrol sa\u011flar. Bu eklenti Google Analytics\u2019in Java Script\u2019ini(ga.js), bu siteye yap\u0131lan ziyaret hakk\u0131nda hi\u00e7bir bilginin Google Analytics\u2019e aktar\u0131lmamas\u0131 konusunda bilgilendirir. Ancak bu, burada a\u00e7\u0131kland\u0131\u011f\u0131 gibi, bilgilerin bize veya ba\u015fka web analiz servislerine aktar\u0131m\u0131n\u0131 \u00f6nlemez.<\/p>\n<h4>Google reCAPTCHA<\/h4>\n<p>Websitemiz, botlar\u0131n sitemize girmesini ve etkile\u015fime ge\u00e7mesini \u00f6nlemek i\u00e7in Google reCAPTCHA kullanmaktad\u0131r. Bu, Google \u0130rlanda Limited, Gordon House, Barrow Street, Dublin 4, \u0130rlanda (buradan itibaren Google) taraf\u0131ndan sunulan bir hizmettir.<\/p>\n<p>AB-ABD Privacy Shield\u2019e uygun sertifikaland\u0131rmaya g\u00f6re<\/p>\n<p><a href=\"https:\/\/www.privacyshield.gov\/participant?id=a2zt000000001L5AAI&amp;status=Active\" target=\"_blank\" rel=\"noopener noreferrer\">https:\/\/www.privacyshield.gov\/participant?id=a2zt000000001L5AAI&amp;status=Active<\/a><\/p>\n<p>Google, ABD\u2019de veri i\u015flerken AB\u2019nin veri koruma y\u00f6netmeliklerine uyaca\u011f\u0131n\u0131 garanti etmektedir.<\/p>\n<p>Bu hizmet Google\u2019a hangi siteden talebinizin ula\u015ft\u0131\u011f\u0131 ve hangi IP adresinden reCAPTCHA\u2019n\u0131n kullan\u0131ld\u0131\u011f\u0131n\u0131 tan\u0131mlama imkan\u0131 verir. IP adresinize ek olarak Google bu hizmeti sa\u011flamak i\u00e7in ba\u015fka gerekli bilgileri de toplayabilir.<\/p>\n<p>Bunun hukuki dayana\u011f\u0131 f) GDPR\u2019nin 6.Maddesinin 1.paragraf\u0131d\u0131r. Me\u015fru menfaatimiz websitemize spam gibi istenmeyen otomatik giri\u015fleri \u00f6nlemektir.<\/p>\n<p>Google, \u015fahsi verilerin kullan\u0131m\u0131 ile ilgili detayl\u0131 bilgiyi \u015furada vermektedir<\/p>\n<p><a href=\"https:\/\/policies.google.com\/privacy\" target=\"_blank\" rel=\"noopener noreferrer\">https:\/\/policies.google.com\/privacy<\/a><\/p>\n<h4>Google Fonts<\/h4>\n<p>Websitemiz, harici fontlar\u0131 g\u00f6sterebilmek i\u00e7in Google Fonts\u2019u kullanmaktad\u0131r. Bu hizmet Google \u0130rlanda Limited, Gordon House, Barrow Street, Dublin 4, \u0130rlanda (buradan itibaren Google) taraf\u0131ndan sunulmaktad\u0131r.<\/p>\n<p>AB-ABD Privacy Shield\u2019e uygun sertifikasyona g\u00f6redir.<\/p>\n<p><a href=\"https:\/\/www.privacyshield.gov\/participant?id=a2zt000000001L5AAI&amp;status=Active\" target=\"_blank\" rel=\"noopener noreferrer\">https:\/\/www.privacyshield.gov\/participant?id=a2zt000000001L5AAI&amp;status=Active<\/a><\/p>\n<p>Google, ABD\u2019de veri i\u015flerken AB\u2019nin veri koruma y\u00f6netmeliklerine uyaca\u011f\u0131n\u0131 garanti etmektedir.<\/p>\n<p>Belirli fontlar\u0131n websitemizde g\u00f6sterimi i\u00e7in websitemize eri\u015fim sa\u011flad\u0131\u011f\u0131n\u0131zda ABD\u2019deki bir Google serveri ile ba\u011flant\u0131 kurulmaktad\u0131r.<\/p>\n<p>Bunun hukuki dayana\u011f\u0131 f) GDPR\u2019nin 6.Maddesinin 1.paragraf\u0131d\u0131r. Me\u015fru menfaatimiz sitemizi optimize etmek ve ekonomik y\u00f6netini sa\u011flamakt\u0131r.<\/p>\n<p>Sitemize eri\u015fim sa\u011flad\u0131\u011f\u0131n\u0131zda Google ile bir ba\u011flant\u0131 kurulmaktad\u0131r ve Google font kullan\u0131m\u0131 ile ilgili g\u00f6nderilen talebin geldi\u011fi siteyi IP adresi \u00fczerinden tan\u0131mlayabilir.<\/p>\n<p>Google, \u00f6zellikle veri kullan\u0131m\u0131n\u0131 engelleme se\u00e7enekleri ile ilgili burada detayl\u0131 bilgi vermektedir<\/p>\n<p><a href=\"https:\/\/adssettings.google.com\/authenticated\" target=\"_blank\" rel=\"noopener noreferrer\">https:\/\/adssettings.google.com\/authenticated<\/a><\/p>\n<p><a href=\"https:\/\/policies.google.com\/privacy\" target=\"_blank\" rel=\"noopener noreferrer\">https:\/\/policies.google.com\/privacy<\/a><\/p>\n<h4>YouTube<\/h4>\n<p>Sitemizde YouTube kullanmaktay\u0131z. Bu, YouTube LLC, Cherry Ave, 94066 San Bruno, Ca, ABD (buradan itibaren YouTube) taraf\u0131ndan i\u015fletilen bir video portal\u0131d\u0131r.<\/p>\n<p>YouTube, Google \u0130rlanda Limited, Gordon House, Barrow Street, Dublin 4, \u0130rlanda (buradan itibaren \u201cGoogle\u201d) \u2018un yan kurulu\u015fudur.<\/p>\n<p>AB-ABD Privacy Shield\u2019e uygun sertifikasyona g\u00f6redir<\/p>\n<p><a href=\"https:\/\/www.privacyshield.gov\/participant?id=a2zt000000001L5AAI&amp;status=Active\" target=\"_blank\" rel=\"noopener noreferrer\">https:\/\/www.privacyshield.gov\/participant?id=a2zt000000001L5AAI&amp;status=Active<\/a><\/p>\n<p>Google ve yan kurulu\u015fu YouTube, ABD\u2019de veri i\u015flerken AB\u2019nin veri koruma y\u00f6netmeliklerine uyaca\u011f\u0131n\u0131 garanti etmektedir.<\/p>\n<p>Biz size video g\u00f6sterirken YouTube\u2019un geli\u015fmi\u015f gizlilik modunu kullanmaktay\u0131z. Bunun hukuki dayana\u011f\u0131 f) GDPR\u2019nin 6.Maddesinin 1.paragraf\u0131d\u0131r. Me\u015fru menfaatimiz sitemizin kalitesini art\u0131rmakt\u0131r. YouTube\u2019a g\u00f6re geli\u015fmi\u015f gizlilik modu, a\u015fa\u011f\u0131da belirtilen verilerin ancak video ba\u015flat\u0131ld\u0131\u011f\u0131nda YouTube serverine iletilece\u011fi anlam\u0131na gelir.<\/p>\n<p>Bu mod olmadan YouTube videosu eklentili herhangi bir web sayfam\u0131za t\u0131klad\u0131\u011f\u0131n\u0131zda ABD\u2019deki YouTube serveri ile ba\u011flant\u0131 kurulacakt\u0131r.<\/p>\n<p>Bu ba\u011flant\u0131 taray\u0131c\u0131n\u0131zda ilgili videoyu g\u00f6sterebilmemiz i\u00e7in gereklidir. YouTube IP adresinizi minimum d\u00fczeyde i\u015fleyerek videoyu izledi\u011finiz tarih ve saati, ayr\u0131ca ziyaret etti\u011finiz siteyi kaydeder. Ek olarak Google\u2019\u0131n Double Click reklam a\u011f\u0131 ile ba\u011flant\u0131 kurulacakt\u0131r.<\/p>\n<p>Sitemize girdi\u011finiz zaman YouTube hesab\u0131n\u0131zla giri\u015f yapt\u0131ysan\u0131z YouTube ba\u011flant\u0131 bilgilerini \u015fahsi YouTube hesab\u0131n\u0131za aktaracakt\u0131r. Bunun \u00f6n\u00fcne ge\u00e7mek i\u00e7in ya YouTube hesab\u0131n\u0131zdan \u00e7\u0131k\u0131\u015f yapmal\u0131s\u0131n\u0131z, ya da YouTube hesab\u0131n\u0131zda uygun ayarlar\u0131 yapmal\u0131s\u0131n\u0131z.<\/p>\n<p>Kullan\u0131m kolayl\u0131\u011f\u0131 ve kullan\u0131m davran\u0131\u015flar\u0131 analizi i\u00e7in YouTube cihaz\u0131n\u0131zda taray\u0131c\u0131n\u0131z arac\u0131l\u0131\u011f\u0131yla \u00e7erezleri daimi olarak kaydeder. Bu i\u015fleme itiraz ediyorsan\u0131z taray\u0131c\u0131n\u0131zda gerekli ayarlar\u0131 yapmak suretiyle \u00e7erezlerin indirilmesini engelleme se\u00e7ene\u011fine sahipsiniz. Daha fazla bilgi yukar\u0131daki \u00e7erezlerle alakal\u0131 b\u00f6l\u00fcmdedir.<\/p>\n<p>Veri toplamas\u0131, veri kullan\u0131m\u0131, haklar\u0131n\u0131z ve g\u00fcvenlik se\u00e7enekleriniz ile ilgili daha fazla bilgiye Google\u2019\u0131n gizlilik s\u00f6zle\u015fmesinde ula\u015fabilirsiniz.<\/p>\n<p><a href=\"https:\/\/policies.google.com\/privacy\" target=\"_blank\" rel=\"noopener noreferrer\">https:\/\/policies.google.com\/privacy<\/a><\/p>\n<p><a href=\"https:\/\/www.ratgeberrecht.eu\/leistungen\/muster-datenschutzerklaerung.html\" target=\"_blank\" rel=\"noopener noreferrer\">Model Data Protection Statement<\/a>\u00a0for\u00a0<a href=\"https:\/\/www.ratgeberrecht.eu\/\" target=\"_blank\" rel=\"noopener noreferrer\">Anwaltskanzlei Wei\u00df &amp; Partner<\/a><\/p>\n\n<p><\/p>\n","protected":false},"excerpt":{"rendered":"<p>DATA PR\u0130VACY POL\u0130CY Ki\u015fisel veriler (a\u015fa\u011f\u0131da genellikle sadace \u201cdata\u201d olarak ge\u00e7mektedir) taraf\u0131m\u0131zdan sadece gerekti\u011fi kadar i\u015flenip, i\u00e7erik ve sunulan hizmetler ile daha kullan\u0131c\u0131 dostu bir aray\u00fcz olu\u015fturmada kullan\u0131lacakt\u0131r. AB Genel Veri Koruma D\u00fczenlemesi\u2019nin, 4 maddesinin 1. f\u0131kras\u0131na g\u00f6re (2016\/679) \u2013 buradan sonra General Data Protection Regulation \u201cGDPR\u201d olarak k\u0131salt\u0131lacakt\u0131r- \u201cveri i\u015flenmesi\u201d her t\u00fcrl\u00fc ar\u015fivleme, kopyalama, [&hellip;]<\/p>\n","protected":false},"author":1,"featured_media":0,"parent":0,"menu_order":0,"comment_status":"closed","ping_status":"closed","template":"","meta":{"_mi_skip_tracking":false,"_monsterinsights_sitenote_active":false,"_monsterinsights_sitenote_note":"","_monsterinsights_sitenote_category":0},"yoast_head":"<!-- This site is optimized with the Yoast SEO plugin v15.6.2 - https:\/\/yoast.com\/wordpress\/plugins\/seo\/ -->\n<title>Data privacy - B.P.S \u2013 BIOMETRIC PAYMENT SYSTEMS<\/title>\n<meta name=\"robots\" content=\"noindex, nofollow\" \/>\n<meta property=\"og:locale\" content=\"tr_TR\" \/>\n<meta property=\"og:type\" content=\"article\" \/>\n<meta property=\"og:title\" content=\"Data privacy - B.P.S \u2013 BIOMETRIC PAYMENT SYSTEMS\" \/>\n<meta property=\"og:description\" content=\"DATA PR\u0130VACY POL\u0130CY Ki\u015fisel veriler (a\u015fa\u011f\u0131da genellikle sadace \u201cdata\u201d olarak ge\u00e7mektedir) taraf\u0131m\u0131zdan sadece gerekti\u011fi kadar i\u015flenip, i\u00e7erik ve sunulan hizmetler ile daha kullan\u0131c\u0131 dostu bir aray\u00fcz olu\u015fturmada kullan\u0131lacakt\u0131r. AB Genel Veri Koruma D\u00fczenlemesi\u2019nin, 4 maddesinin 1. f\u0131kras\u0131na g\u00f6re (2016\/679) \u2013 buradan sonra General Data Protection Regulation \u201cGDPR\u201d olarak k\u0131salt\u0131lacakt\u0131r- \u201cveri i\u015flenmesi\u201d her t\u00fcrl\u00fc ar\u015fivleme, kopyalama, [&hellip;]\" \/>\n<meta property=\"og:url\" content=\"https:\/\/bps.money\/tr\/data-privacy\/\" \/>\n<meta property=\"og:site_name\" content=\"B.P.S \u2013 BIOMETRIC PAYMENT SYSTEMS\" \/>\n<meta property=\"article:modified_time\" content=\"2023-10-18T09:33:42+00:00\" \/>\n<meta name=\"twitter:card\" content=\"summary\" \/>\n<meta name=\"twitter:label1\" content=\"Tahmini okuma s\u00fcresi\">\n\t<meta name=\"twitter:data1\" content=\"20 dakika\">\n<script type=\"application\/ld+json\" class=\"yoast-schema-graph\">{\"@context\":\"https:\/\/schema.org\",\"@graph\":[{\"@type\":\"WebSite\",\"@id\":\"https:\/\/bps.money\/#website\",\"url\":\"https:\/\/bps.money\/\",\"name\":\"B.P.S \\u2013 BIOMETRIC PAYMENT SYSTEMS\",\"description\":\"xxx Untertitel\",\"potentialAction\":[{\"@type\":\"SearchAction\",\"target\":\"https:\/\/bps.money\/?s={search_term_string}\",\"query-input\":\"required name=search_term_string\"}],\"inLanguage\":\"tr\"},{\"@type\":\"WebPage\",\"@id\":\"https:\/\/bps.money\/tr\/data-privacy\/#webpage\",\"url\":\"https:\/\/bps.money\/tr\/data-privacy\/\",\"name\":\"Data privacy - B.P.S \\u2013 BIOMETRIC PAYMENT SYSTEMS\",\"isPartOf\":{\"@id\":\"https:\/\/bps.money\/#website\"},\"datePublished\":\"2021-01-21T14:05:59+00:00\",\"dateModified\":\"2023-10-18T09:33:42+00:00\",\"inLanguage\":\"tr\",\"potentialAction\":[{\"@type\":\"ReadAction\",\"target\":[\"https:\/\/bps.money\/tr\/data-privacy\/\"]}]}]}<\/script>\n<!-- \/ Yoast SEO plugin. -->","_links":{"self":[{"href":"https:\/\/bps.money\/tr\/wp-json\/wp\/v2\/pages\/808"}],"collection":[{"href":"https:\/\/bps.money\/tr\/wp-json\/wp\/v2\/pages"}],"about":[{"href":"https:\/\/bps.money\/tr\/wp-json\/wp\/v2\/types\/page"}],"author":[{"embeddable":true,"href":"https:\/\/bps.money\/tr\/wp-json\/wp\/v2\/users\/1"}],"replies":[{"embeddable":true,"href":"https:\/\/bps.money\/tr\/wp-json\/wp\/v2\/comments?post=808"}],"version-history":[{"count":2,"href":"https:\/\/bps.money\/tr\/wp-json\/wp\/v2\/pages\/808\/revisions"}],"predecessor-version":[{"id":896,"href":"https:\/\/bps.money\/tr\/wp-json\/wp\/v2\/pages\/808\/revisions\/896"}],"wp:attachment":[{"href":"https:\/\/bps.money\/tr\/wp-json\/wp\/v2\/media?parent=808"}],"curies":[{"name":"wp","href":"https:\/\/api.w.org\/{rel}","templated":true}]}}